{"id":3101,"date":"2024-08-20T13:11:18","date_gmt":"2024-08-20T11:11:18","guid":{"rendered":"https:\/\/www.ardeche-canoe.com\/nos-partenaires\/"},"modified":"2025-03-31T15:49:29","modified_gmt":"2025-03-31T13:49:29","slug":"onze-partners","status":"publish","type":"page","link":"https:\/\/www.ardeche-canoe.com\/nl\/onze-partners\/","title":{"rendered":"Onze partners"},"content":{"rendered":"<div class=\"fusion-fullwidth fullwidth-box fusion-builder-row-1 fusion-flex-container has-pattern-background has-mask-background nonhundred-percent-fullwidth non-hundred-percent-height-scrolling\" style=\"--awb-border-radius-top-left:0px;--awb-border-radius-top-right:0px;--awb-border-radius-bottom-right:0px;--awb-border-radius-bottom-left:0px;--awb-flex-wrap:wrap;\" ><div class=\"fusion-builder-row fusion-row fusion-flex-align-items-flex-start fusion-flex-content-wrap\" style=\"max-width:1664px;margin-left: calc(-4% \/ 2 );margin-right: calc(-4% \/ 2 );\"><div class=\"fusion-layout-column fusion_builder_column fusion-builder-column-0 fusion_builder_column_1_2 1_2 fusion-flex-column\" style=\"--awb-bg-size:cover;--awb-width-large:50%;--awb-margin-top-large:0px;--awb-spacing-right-large:3.84%;--awb-margin-bottom-large:20px;--awb-spacing-left-large:3.84%;--awb-width-medium:50%;--awb-order-medium:0;--awb-spacing-right-medium:3.84%;--awb-spacing-left-medium:3.84%;--awb-width-small:100%;--awb-order-small:0;--awb-spacing-right-small:1.92%;--awb-spacing-left-small:1.92%;\"><div class=\"fusion-column-wrapper fusion-column-has-shadow fusion-flex-justify-content-flex-start fusion-content-layout-column\"><div class=\"fusion-title title fusion-title-1 fusion-title-text fusion-title-size-two\" style=\"--awb-margin-bottom:0px;\"><div class=\"title-sep-container title-sep-container-left fusion-no-large-visibility fusion-no-medium-visibility fusion-no-small-visibility\"><div class=\"title-sep sep-single sep-solid\" style=\"border-color:#e0dede;\"><\/div><\/div><span class=\"awb-title-spacer fusion-no-large-visibility fusion-no-medium-visibility fusion-no-small-visibility\"><\/span><h2 class=\"fusion-title-heading title-heading-left fusion-responsive-typography-calculated\" style=\"margin:0;--fontSize:28;--minFontSize:28;line-height:1.5;\">Camping<\/h2><span class=\"awb-title-spacer\"><\/span><div class=\"title-sep-container title-sep-container-right\"><div class=\"title-sep sep-single sep-solid\" style=\"border-color:#e0dede;\"><\/div><\/div><\/div><div class=\"fusion-text fusion-text-1\"><ul>\n<li><a href=\"https:\/\/www.ardeche-vacance.com\/nl\/\" target=\"_blank\" rel=\"noopener\">Camping des Tunnels<\/a> Vallon Pont d&#8217;Arc &#8211; Ard\u00e8che<\/li>\n<li><a href=\"https:\/\/www.domaine-imbours.com\/?lang=NL\" target=\"_blank\" rel=\"noopener\">Camping Domaine Imbours<\/a> Larnas &#8211; Ard\u00e8che<\/li>\n<li><a href=\"https:\/\/www.campinglechassezac.com\/\" target=\"_blank\" rel=\"noopener\">Camping Le Chassezac<\/a> Ruoms &#8211; Ard\u00e8che<\/li>\n<li><a href=\"https:\/\/www.camping-beauregard.com\/?lang=NL\" target=\"_blank\" rel=\"noopener\">Camping Le Beauregard<\/a> Mornas &#8211; Vaucluse<\/li>\n<li><a href=\"https:\/\/www.campinglaresidence.com\/\" target=\"_blank\" rel=\"noopener\">Camping La R\u00e9sidence d&#8217;\u00e9t\u00e9<\/a> St Rem\u00e8ze &#8211; Ard\u00e8che<\/li>\n<li><a href=\"https:\/\/www.camping-de-larche.fr\/\" target=\"_blank\" rel=\"noopener\">Camping de l&#8217;Arche<\/a> Lanas &#8211; Ard\u00e8che<\/li>\n<\/ul>\n<\/div><\/div><\/div><div class=\"fusion-layout-column fusion_builder_column fusion-builder-column-1 fusion_builder_column_1_2 1_2 fusion-flex-column\" style=\"--awb-bg-size:cover;--awb-width-large:50%;--awb-margin-top-large:0px;--awb-spacing-right-large:3.84%;--awb-margin-bottom-large:20px;--awb-spacing-left-large:3.84%;--awb-width-medium:50%;--awb-order-medium:0;--awb-spacing-right-medium:3.84%;--awb-spacing-left-medium:3.84%;--awb-width-small:100%;--awb-order-small:0;--awb-spacing-right-small:1.92%;--awb-spacing-left-small:1.92%;\"><div class=\"fusion-column-wrapper fusion-column-has-shadow fusion-flex-justify-content-flex-start fusion-content-layout-column\"><div class=\"fusion-title title fusion-title-2 fusion-title-text fusion-title-size-two\" style=\"--awb-margin-bottom:0px;\"><div class=\"title-sep-container title-sep-container-left fusion-no-large-visibility fusion-no-medium-visibility fusion-no-small-visibility\"><div class=\"title-sep sep-single sep-solid\" style=\"border-color:#e0dede;\"><\/div><\/div><span class=\"awb-title-spacer fusion-no-large-visibility fusion-no-medium-visibility fusion-no-small-visibility\"><\/span><h2 class=\"fusion-title-heading title-heading-left fusion-responsive-typography-calculated\" style=\"margin:0;--fontSize:28;--minFontSize:28;line-height:1.5;\">Gites en Chalets<\/h2><span class=\"awb-title-spacer\"><\/span><div class=\"title-sep-container title-sep-container-right\"><div class=\"title-sep sep-single sep-solid\" style=\"border-color:#e0dede;\"><\/div><\/div><\/div><div class=\"fusion-text fusion-text-2\"><ul>\n<li><a href=\"https:\/\/www.gites-de-france.com\/fr\" target=\"_blank\" rel=\"noopener\">G\u00eetes de France<\/a><\/li>\n<li><a href=\"https:\/\/www.clevacances.com\/fr\" target=\"_blank\" rel=\"noopener\">Cl\u00e9 Vacances<\/a><\/li>\n<\/ul>\n<\/div><\/div><\/div><div class=\"fusion-layout-column fusion_builder_column fusion-builder-column-2 fusion_builder_column_1_2 1_2 fusion-flex-column\" style=\"--awb-bg-size:cover;--awb-width-large:50%;--awb-margin-top-large:0px;--awb-spacing-right-large:3.84%;--awb-margin-bottom-large:20px;--awb-spacing-left-large:3.84%;--awb-width-medium:50%;--awb-order-medium:0;--awb-spacing-right-medium:3.84%;--awb-spacing-left-medium:3.84%;--awb-width-small:100%;--awb-order-small:0;--awb-spacing-right-small:1.92%;--awb-spacing-left-small:1.92%;\"><div class=\"fusion-column-wrapper fusion-column-has-shadow fusion-flex-justify-content-flex-start fusion-content-layout-column\"><div class=\"fusion-title title fusion-title-3 fusion-title-text fusion-title-size-two\" style=\"--awb-margin-bottom:0px;\"><div class=\"title-sep-container title-sep-container-left fusion-no-large-visibility fusion-no-medium-visibility fusion-no-small-visibility\"><div class=\"title-sep sep-single sep-solid\" style=\"border-color:#e0dede;\"><\/div><\/div><span class=\"awb-title-spacer fusion-no-large-visibility fusion-no-medium-visibility fusion-no-small-visibility\"><\/span><h2 class=\"fusion-title-heading title-heading-left fusion-responsive-typography-calculated\" style=\"margin:0;--fontSize:28;--minFontSize:28;line-height:1.5;\">Hotels<\/h2><span class=\"awb-title-spacer\"><\/span><div class=\"title-sep-container title-sep-container-right\"><div class=\"title-sep sep-single sep-solid\" style=\"border-color:#e0dede;\"><\/div><\/div><\/div><div class=\"fusion-text fusion-text-3\"><ul>\n<li><a href=\"https:\/\/www.le-belvedere-hotel.com\/\" target=\"_blank\" rel=\"noopener\">H\u00f4tel Le Belv\u00e9d\u00e8re<\/a> Vallon Pont d&#8217;Arc &#8211; Ard\u00e8che<\/li>\n<li><a href=\"https:\/\/www.hotel-ardeche.com\/\" target=\"_blank\" rel=\"noopener\">H\u00f4tel Berneron<\/a> Vallon Pont d&#8217;Arc &#8211; Ard\u00e8che<\/li>\n<li><a href=\"https:\/\/www.auchateauclement.com\/\" target=\"_blank\" rel=\"noopener\">Ch\u00e2teau Cl\u00e9ment<\/a> Vals les Bains &#8211; Ard\u00e8che<\/li>\n<li><a href=\"https:\/\/www.hotel-orgnac.com\/\" target=\"_blank\" rel=\"noopener\">Les Terrasses de l&#8217;Aven<\/a> Orgnac &#8211; Ard\u00e8che<\/li>\n<\/ul>\n<\/div><\/div><\/div><div class=\"fusion-layout-column fusion_builder_column fusion-builder-column-3 fusion_builder_column_1_2 1_2 fusion-flex-column\" style=\"--awb-bg-size:cover;--awb-width-large:50%;--awb-margin-top-large:0px;--awb-spacing-right-large:3.84%;--awb-margin-bottom-large:20px;--awb-spacing-left-large:3.84%;--awb-width-medium:50%;--awb-order-medium:0;--awb-spacing-right-medium:3.84%;--awb-spacing-left-medium:3.84%;--awb-width-small:100%;--awb-order-small:0;--awb-spacing-right-small:1.92%;--awb-spacing-left-small:1.92%;\"><div class=\"fusion-column-wrapper fusion-column-has-shadow fusion-flex-justify-content-flex-start fusion-content-layout-column\"><div class=\"fusion-title title fusion-title-4 fusion-title-text fusion-title-size-two\" style=\"--awb-margin-bottom:0px;\"><div class=\"title-sep-container title-sep-container-left fusion-no-large-visibility fusion-no-medium-visibility fusion-no-small-visibility\"><div class=\"title-sep sep-single sep-solid\" style=\"border-color:#e0dede;\"><\/div><\/div><span class=\"awb-title-spacer fusion-no-large-visibility fusion-no-medium-visibility fusion-no-small-visibility\"><\/span><h2 class=\"fusion-title-heading title-heading-left fusion-responsive-typography-calculated\" style=\"margin:0;--fontSize:28;--minFontSize:28;line-height:1.5;\">Restaurants<\/h2><span class=\"awb-title-spacer\"><\/span><div class=\"title-sep-container title-sep-container-right\"><div class=\"title-sep sep-single sep-solid\" style=\"border-color:#e0dede;\"><\/div><\/div><\/div><div class=\"fusion-text fusion-text-4\"><ul>\n<li><a href=\"https:\/\/www.hotel-ardeche.com\/\" target=\"_blank\" rel=\"noopener\">H\u00f4tel Berneron<\/a> Vallon Pont d&#8217;Arc &#8211; Ard\u00e8che<\/li>\n<li><a href=\"https:\/\/www.hotel-orgnac.com\/\" target=\"_blank\" rel=\"noopener\">Les Terrasses de l&#8217;Aven<\/a> Orgnac &#8211; Ard\u00e8che<\/li>\n<li><a href=\"https:\/\/cotesud07150.wixsite.com\/my-site-2\" target=\"_blank\" rel=\"noopener\">C\u00f4t\u00e9 Sud<\/a> Vallon Pont d&#8217;Arc &#8211; Ard\u00e8che<\/li>\n<\/ul>\n<\/div><\/div><\/div><div class=\"fusion-layout-column fusion_builder_column fusion-builder-column-4 fusion_builder_column_1_2 1_2 fusion-flex-column\" style=\"--awb-bg-size:cover;--awb-width-large:50%;--awb-margin-top-large:0px;--awb-spacing-right-large:3.84%;--awb-margin-bottom-large:20px;--awb-spacing-left-large:3.84%;--awb-width-medium:50%;--awb-order-medium:0;--awb-spacing-right-medium:3.84%;--awb-spacing-left-medium:3.84%;--awb-width-small:100%;--awb-order-small:0;--awb-spacing-right-small:1.92%;--awb-spacing-left-small:1.92%;\"><div class=\"fusion-column-wrapper fusion-column-has-shadow fusion-flex-justify-content-flex-start fusion-content-layout-column\"><div class=\"fusion-title title fusion-title-5 fusion-title-text fusion-title-size-two\" style=\"--awb-margin-bottom:0px;\"><div class=\"title-sep-container title-sep-container-left fusion-no-large-visibility fusion-no-medium-visibility fusion-no-small-visibility\"><div class=\"title-sep sep-single sep-solid\" style=\"border-color:#e0dede;\"><\/div><\/div><span class=\"awb-title-spacer fusion-no-large-visibility fusion-no-medium-visibility fusion-no-small-visibility\"><\/span><h2 class=\"fusion-title-heading title-heading-left fusion-responsive-typography-calculated\" style=\"margin:0;--fontSize:28;--minFontSize:28;line-height:1.5;\">Kanovaren<\/h2><span class=\"awb-title-spacer\"><\/span><div class=\"title-sep-container title-sep-container-right\"><div class=\"title-sep sep-single sep-solid\" style=\"border-color:#e0dede;\"><\/div><\/div><\/div><div class=\"fusion-text fusion-text-5\"><ul>\n<li><a href=\"https:\/\/www.canoedordogne.com\/\" target=\"_blank\" rel=\"noopener\">Cano\u00eb en Dordogne<\/a><\/li>\n<li><a href=\"https:\/\/www.perigordaventureloisirs.com\/\" target=\"_blank\" rel=\"noopener\">P\u00e9rigord Aventure et Loisirs<\/a><\/li>\n<li><a href=\"https:\/\/www.locationcanoe-paysbasque.com\/\" target=\"_blank\" rel=\"noopener\">Cano\u00eb Pays basque<\/a><\/li>\n<\/ul>\n<\/div><\/div><\/div><div class=\"fusion-layout-column fusion_builder_column fusion-builder-column-5 fusion_builder_column_1_2 1_2 fusion-flex-column\" style=\"--awb-bg-size:cover;--awb-width-large:50%;--awb-margin-top-large:0px;--awb-spacing-right-large:3.84%;--awb-margin-bottom-large:20px;--awb-spacing-left-large:3.84%;--awb-width-medium:50%;--awb-order-medium:0;--awb-spacing-right-medium:3.84%;--awb-spacing-left-medium:3.84%;--awb-width-small:100%;--awb-order-small:0;--awb-spacing-right-small:1.92%;--awb-spacing-left-small:1.92%;\"><div class=\"fusion-column-wrapper fusion-column-has-shadow fusion-flex-justify-content-flex-start fusion-content-layout-column\"><div class=\"fusion-title title fusion-title-6 fusion-title-text fusion-title-size-two\" style=\"--awb-margin-bottom:0px;\"><div class=\"title-sep-container title-sep-container-left fusion-no-large-visibility fusion-no-medium-visibility fusion-no-small-visibility\"><div class=\"title-sep sep-single sep-solid\" style=\"border-color:#e0dede;\"><\/div><\/div><span class=\"awb-title-spacer fusion-no-large-visibility fusion-no-medium-visibility fusion-no-small-visibility\"><\/span><h2 class=\"fusion-title-heading title-heading-left fusion-responsive-typography-calculated\" style=\"margin:0;--fontSize:28;--minFontSize:28;line-height:1.5;\">Excursie<\/h2><span class=\"awb-title-spacer\"><\/span><div class=\"title-sep-container title-sep-container-right\"><div class=\"title-sep sep-single sep-solid\" style=\"border-color:#e0dede;\"><\/div><\/div><\/div><div class=\"fusion-text fusion-text-6\"><ul>\n<li><a href=\"http:\/\/www.slice-of-france.com\/\" target=\"_blank\" rel=\"noopener\">Slice of France<\/a><\/li>\n<\/ul>\n<\/div><\/div><\/div><div class=\"fusion-layout-column fusion_builder_column fusion-builder-column-6 fusion_builder_column_1_1 1_1 fusion-flex-column\" style=\"--awb-bg-size:cover;--awb-width-large:100%;--awb-margin-top-large:0px;--awb-spacing-right-large:1.92%;--awb-margin-bottom-large:20px;--awb-spacing-left-large:1.92%;--awb-width-medium:100%;--awb-order-medium:0;--awb-spacing-right-medium:1.92%;--awb-spacing-left-medium:1.92%;--awb-width-small:100%;--awb-order-small:0;--awb-spacing-right-small:1.92%;--awb-spacing-left-small:1.92%;\"><div class=\"fusion-column-wrapper fusion-column-has-shadow fusion-flex-justify-content-flex-start fusion-content-layout-column\"><div class=\"fusion-title title fusion-title-7 fusion-title-text fusion-title-size-two\" style=\"--awb-margin-bottom:0px;\"><div class=\"title-sep-container title-sep-container-left fusion-no-large-visibility fusion-no-medium-visibility fusion-no-small-visibility\"><div class=\"title-sep sep-single sep-solid\" style=\"border-color:#e0dede;\"><\/div><\/div><span class=\"awb-title-spacer fusion-no-large-visibility fusion-no-medium-visibility fusion-no-small-visibility\"><\/span><h2 class=\"fusion-title-heading title-heading-left fusion-responsive-typography-calculated\" style=\"margin:0;--fontSize:28;--minFontSize:28;line-height:1.5;\">Anders<\/h2><span class=\"awb-title-spacer\"><\/span><div class=\"title-sep-container title-sep-container-right\"><div class=\"title-sep sep-single sep-solid\" style=\"border-color:#e0dede;\"><\/div><\/div><\/div><\/div><\/div><div class=\"fusion-layout-column fusion_builder_column fusion-builder-column-7 fusion_builder_column_1_2 1_2 fusion-flex-column\" style=\"--awb-bg-size:cover;--awb-width-large:50%;--awb-margin-top-large:0px;--awb-spacing-right-large:3.84%;--awb-margin-bottom-large:20px;--awb-spacing-left-large:3.84%;--awb-width-medium:50%;--awb-order-medium:0;--awb-spacing-right-medium:3.84%;--awb-spacing-left-medium:3.84%;--awb-width-small:100%;--awb-order-small:0;--awb-spacing-right-small:1.92%;--awb-spacing-left-small:1.92%;\"><div class=\"fusion-column-wrapper fusion-column-has-shadow fusion-flex-justify-content-flex-start fusion-content-layout-column\"><div class=\"fusion-text fusion-text-7\"><ul>\n<li><a href=\"https:\/\/www.equitation-ardeche.fr\/\" target=\"_blank\" rel=\"noopener\">\u00c9quitation Chavetourte<\/a> Saint-Alban-Auriolles \u2013 Ard\u00e8che<\/li>\n<li><a href=\"https:\/\/www.transport-mobilhome.com\/\" target=\"_blank\" rel=\"noopener\">Transport Monteix<\/a> Vallon Pont d&#8217;Arc &#8211; Ard\u00e8che<\/li>\n<li><a href=\"https:\/\/www.gorges-ardeche-pontdarc.fr\/\" target=\"_blank\" rel=\"noopener\">VVV-kantoor Gorges de l&#8217;Ard\u00e8che | Pont d&#8217;Arc <img class=\"lazyload\" decoding=\"async\" style=\"vertical-align: middle; max-width: 120px;\" src=\"data:image\/gif;base64,R0lGODlhAQABAAAAACH5BAEKAAEALAAAAAABAAEAAAICTAEAOw==\" data-orig-src=\"\/wp-content\/uploads\/Nouveau-document-RTF.svg\" \/><\/a><\/li>\n<li><a href=\"https:\/\/www.provenceoccitane.com\/\" target=\"_blank\" rel=\"noopener\">VVV-kantoor Provence Occitanie<\/a><\/li>\n<\/ul>\n<\/div><\/div><\/div><div class=\"fusion-layout-column fusion_builder_column fusion-builder-column-8 fusion_builder_column_1_2 1_2 fusion-flex-column\" style=\"--awb-bg-size:cover;--awb-width-large:50%;--awb-margin-top-large:0px;--awb-spacing-right-large:3.84%;--awb-margin-bottom-large:20px;--awb-spacing-left-large:3.84%;--awb-width-medium:50%;--awb-order-medium:0;--awb-spacing-right-medium:3.84%;--awb-spacing-left-medium:3.84%;--awb-width-small:100%;--awb-order-small:0;--awb-spacing-right-small:1.92%;--awb-spacing-left-small:1.92%;\"><div class=\"fusion-column-wrapper fusion-column-has-shadow fusion-flex-justify-content-flex-start fusion-content-layout-column\"><div class=\"fusion-text fusion-text-8\"><ul>\n<li><a href=\"https:\/\/www.drome-sud-provence.com\/\" target=\"_blank\" rel=\"noopener\">VVV-kantoor Dr\u00f4me Sud Provence<\/a><\/li>\n<li><a href=\"https:\/\/www.tourisme-ceze-cevennes.com\/\" target=\"_blank\" rel=\"noopener\">VVV-kantoor C\u00e8ze C\u00e9vennes<\/a><\/li>\n<li><a href=\"https:\/\/avignon-tourisme.com\/\" target=\"_blank\" rel=\"noopener\">VVV-kantoor Avignon Tourisme<\/a><\/li>\n<li><a href=\"https:\/\/www.berg-coiron-tourisme.com\/\" target=\"_blank\" rel=\"noopener\">VVV-kantoor Berg et Coiron<\/a><\/li>\n<\/ul>\n<\/div><\/div><\/div><\/div><\/div>\n","protected":false},"excerpt":{"rendered":"","protected":false},"author":1,"featured_media":0,"parent":0,"menu_order":0,"comment_status":"closed","ping_status":"closed","template":"100-width.php","meta":{"footnotes":""},"class_list":["post-3101","page","type-page","status-publish","hentry"],"_links":{"self":[{"href":"https:\/\/www.ardeche-canoe.com\/nl\/wp-json\/wp\/v2\/pages\/3101","targetHints":{"allow":["GET"]}}],"collection":[{"href":"https:\/\/www.ardeche-canoe.com\/nl\/wp-json\/wp\/v2\/pages"}],"about":[{"href":"https:\/\/www.ardeche-canoe.com\/nl\/wp-json\/wp\/v2\/types\/page"}],"author":[{"embeddable":true,"href":"https:\/\/www.ardeche-canoe.com\/nl\/wp-json\/wp\/v2\/users\/1"}],"replies":[{"embeddable":true,"href":"https:\/\/www.ardeche-canoe.com\/nl\/wp-json\/wp\/v2\/comments?post=3101"}],"version-history":[{"count":6,"href":"https:\/\/www.ardeche-canoe.com\/nl\/wp-json\/wp\/v2\/pages\/3101\/revisions"}],"predecessor-version":[{"id":3938,"href":"https:\/\/www.ardeche-canoe.com\/nl\/wp-json\/wp\/v2\/pages\/3101\/revisions\/3938"}],"wp:attachment":[{"href":"https:\/\/www.ardeche-canoe.com\/nl\/wp-json\/wp\/v2\/media?parent=3101"}],"curies":[{"name":"wp","href":"https:\/\/api.w.org\/{rel}","templated":true}]}}